{"version":"1.0","provider_name":"TaG&#039;art napl\u00f3ja","provider_url":"https:\/\/tagart.cafeblog.hu","author_name":"L\u00e9lekcsillag m\u0171hely","author_url":"https:\/\/tagart.cafeblog.hu\/author\/lelekcsillag_muhely\/","title":"Fodor \u00c1kos","html":"<h2>Kis \u00e9ji dal<\/h2>\r\n<p>Sz\u00e9l kapdos a gyertyal\u00e1ngba: <br \/>nyugtalan a r\u00f3zsa \u00e1rnya <br \/>a falon. <br \/>Imbolygok, mint \u00e1rny a falon; <br \/>mire v\u00e1gyom, azt se nagyon <br \/>akarom. <br \/>Egy-egy nyugodt pillanatot <br \/>\u00e9letemben ha m\u00e9g kapok: <br \/>jutalom, <br \/>ami\u00e9rt \u2013 b\u00e1r mit se v\u00e1rva \u2013 <br \/>id\u0151z\u00f6m, mint r\u00f3zsa \u00e1rnya <br \/>a falon.<\/p>\r\n<p>&nbsp;<\/p>\r\n<p><a href=\"https:\/\/tagart.cafeblog.hu\/files\/2016\/01\/50.jpg\"><img class=\"alignnone size-medium wp-image-1250\" src=\"https:\/\/tagart.cafeblog.hu\/files\/2016\/01\/50-225x300.jpg\" alt=\"50\" width=\"225\" height=\"300\" \/><\/a><\/p>\r\n<p>Azt se nagyon...\u00a0<\/p>\r\n<p>&nbsp;<\/p>","type":"rich"}