{"version":"1.0","provider_name":"TaG&#039;art napl\u00f3ja","provider_url":"https:\/\/tagart.cafeblog.hu","author_name":"L\u00e9lekcsillag m\u0171hely","author_url":"https:\/\/tagart.cafeblog.hu\/author\/lelekcsillag_muhely\/","title":"Megh\u00edv\u00f3","html":"<p>M\u00e1jus 2-\u00e1n, ism\u00e9t alkot\u00f3nap.<\/p>\r\n<p>Szeretettel v\u00e1runk 10 \u00f3r\u00e1t\u00f3l a L\u00e9lekcsillag m\u0171helyben. (III.Montevideo u. 3.)<\/p>\r\n<p>Any\u00e1k napj\u00e1ra:<\/p>\r\n<p><a href=\"https:\/\/tagart.cafeblog.hu\/files\/2015\/04\/10b.jpg\"><img class=\"alignnone size-medium wp-image-428\" src=\"https:\/\/tagart.cafeblog.hu\/files\/2015\/04\/10b-298x300.jpg\" alt=\"10b\" width=\"298\" height=\"300\" \/><\/a><\/p>\r\n<p><a href=\"https:\/\/tagart.cafeblog.hu\/files\/2015\/04\/anyanap.jpg\"><img class=\"alignnone size-medium wp-image-357\" src=\"https:\/\/tagart.cafeblog.hu\/files\/2015\/04\/anyanap-295x300.jpg\" alt=\"anyanap\" width=\"295\" height=\"300\" \/><\/a><\/p>\r\n<p><a href=\"https:\/\/tagart.cafeblog.hu\/files\/2015\/03\/Anya.jpg\"><img class=\"alignnone size-medium wp-image-203\" src=\"https:\/\/tagart.cafeblog.hu\/files\/2015\/03\/Anya-245x300.jpg\" alt=\"Anya\" width=\"245\" height=\"300\" \/><\/a><\/p>\r\n<p><a href=\"https:\/\/tagart.cafeblog.hu\/files\/2015\/04\/49k.jpg\"><img class=\"alignnone size-medium wp-image-331\" src=\"https:\/\/tagart.cafeblog.hu\/files\/2015\/04\/49k-248x300.jpg\" alt=\"49k\" width=\"248\" height=\"300\" \/><\/a><\/p>\r\n<p>Meg\u00e9rkeztek Monica Allegro csod\u00e1s sospesoi, \u00e9s a munk\u00e1hoz sz\u00fcks\u00e9ges eszk\u00f6z\u00f6k, melyekkel sok sz\u00e9ps\u00e9get k\u00e9sz\u00edt\u00fcnk, a soron\u00a0 k\u00f6vetkez\u0151 alkot\u00f3napokon.<\/p>\r\n<p><a href=\"https:\/\/tagart.cafeblog.hu\/files\/2015\/04\/17.jpg\"><img class=\"alignnone size-medium wp-image-400\" src=\"https:\/\/tagart.cafeblog.hu\/files\/2015\/04\/17-300x264.jpg\" alt=\"17\" width=\"300\" height=\"264\" \/><\/a><\/p>\r\n<p><a href=\"https:\/\/tagart.cafeblog.hu\/files\/2015\/04\/11.jpg\"><img class=\"alignnone size-medium wp-image-429\" src=\"https:\/\/tagart.cafeblog.hu\/files\/2015\/04\/11-151x300.jpg\" alt=\"1\" width=\"151\" height=\"300\" \/><\/a><\/p>\r\n<p>Jelentkezni az al\u00e1bbi c\u00edmeken tudsz:<\/p>\r\n<p>t.gabi@eqs.hu<\/p>\r\n<p>lelekcsillagmuhely@gmail.com<\/p>\r\n<p>\u00d6lel\u00e9s, Gabi.\u00a0 :)<\/p>","type":"rich"}