{"version":"1.0","provider_name":"TaG&#039;art napl\u00f3ja","provider_url":"https:\/\/tagart.cafeblog.hu","author_name":"L\u00e9lekcsillag m\u0171hely","author_url":"https:\/\/tagart.cafeblog.hu\/author\/lelekcsillag_muhely\/","title":"70.","html":"<p>Bar\u00e1tn\u00e9m azzal h\u00edvott, hogy seg\u00edtsek...<\/p>\r\n<p>-Mit is?<\/p>\r\n<p>-Anyu 70 \u00e9ves lesz 20-\u00e1n. Kib\u00e9reltem 19-re\u00a0 a Gyermekvas\u00fatt\u00f3l 1 kocsit, ki k\u00e9ne valamit tal\u00e1lni.<\/p>\r\n<p>Ez 2 hete volt.<\/p>\r\n<p>Azon meleg\u00e9ben eld\u0151lt, hogy lila, r\u00f3zsasz\u00edn, feh\u00e9r, levendula, hortenzia....jajj ez \u00edgy j\u00f3\u00f3\u00f3\u00f3!<\/p>\r\n<p>Elment\u00fcnk bev\u00e1s\u00e1rolni.<\/p>\r\n<p>Vett\u00fcnk polisztirol szivecsk\u00e9ket, krepp pap\u00edrt, szalv\u00e9t\u00e1t, szalagot, csipk\u00e9t, vir\u00e1got.<\/p>\r\n<p>Festett\u00fcnk, masnit k\u00f6t\u00f6tt\u00fcnk, (sokat), asztald\u00edszt csin\u00e1ltunk pap\u00edr r\u00f3zs\u00e1kb\u00f3l, \u00e9s hortenzi\u00e1b\u00f3l.<\/p>\r\n<p>Asztalter\u00edt\u0151 gyan\u00e1nt, gy\u00f6ny\u00f6r\u0171 organza ker\u00fclt az asztalokra.<\/p>\r\n<p>Bar\u00e1tn\u00e9m 1 h\u00e9tig s\u00fct\u00f6tt.<\/p>\r\n<p>Sajnos ebben nem tudtam seg\u00edteni, mert a m\u00falt hetem, egy ked\u00e9lyes ideggyullad\u00e1s t\u00fal\u00e9l\u00e9s\u00e9re volt elpazarolva, \u00e9s m\u00e9g nincs v\u00e9ge eg\u00e9szen e programnak....<\/p>\r\n<p>Teh\u00e1t s\u00fct\u00f6tt bar\u00e1tn\u00e9m. Titokban. 3 gyerek mellett, az \u00e9rintett sz\u00fclet\u00e9snapossal az als\u00f3bb szinten, \u00e9s nem bukott le...<\/p>\r\n<p>Vas\u00e1rnap m\u00e9g\u00a0 \u00f6sszeszedt\u00fck amink volt, \u00e9s megcsin\u00e1ltuk (szerintem) sz\u00e9ps\u00e9gesre a \"kocsit\".<\/p>\r\n<p>Felt\u00e1laltuk a s\u00fctiket, mindn\u00e9l im\u00e1t mormolva, hogy mikor megy a vonat ne boruljon, ne \u00f6m\u00f6lj\u00f6n, ne essen, stb... le.<\/p>\r\n<p>Picit lebuktunk a kanyarban, a gyerekek (sz\u00e1m szerint 3 )meghat\u00f3an dr\u00e1g\u00e1k voltak az egyenruh\u00e1jukban, Nagyi s\u00edrt...<\/p>\r\n<p>Anyuk\u00e1juk is, mert nem rossz az \u00f6sszes gyereked l\u00e1tni,\u00a0 vasutasegyenruh\u00e1ban, csillog\u00f3 szemmel, b\u00fcszk\u00e9n...<\/p>\r\n<p>\u00c9n is s\u00edrok, most hogy \u00edrom, mert...ja.<\/p>\r\n<p>\u00d6r\u00f6m, hogy\u00a0 vannak k\u00f6r\u00fcl\u00f6ttem olyanok, akikkel lehet \u00edgy meglepet\u00e9st \"csin\u00e1lni\", hogy van m\u00e9g akinek az az \u00e9rt\u00e9k, ha gyerekei olyan j\u00f3 tanul\u00f3k, hogy mind lehetnek vasutasok. Nagyon sokat\u00a0 ad egy gyereknek a szolg\u00e1lat, k\u00f6z\u00f6s programok. \u00c9n is voltam \u00fatt\u00f6r\u0151vasutas. Persze, biztos m\u00e1s mint mikor \u00e9n voltam ott, de akkor is, most is, ez j\u00f3.<\/p>\r\n<p>Di\u00f3h\u00e9jban ennyi, \u00f6r\u00fcl\u00f6k, hogy picit adhattam a nagy naphoz.<\/p>\r\n<p>Ami m\u00e9g k\u00fcl\u00f6n\u00f6s v\u00e9letlen, volt munkat\u00e1rsn\u0151m aki 50 \u00e9ves lett, szint\u00e9n itt a vas\u00faton \u00fcnnepelt, csak szombaton \u00e9s nem vas\u00e1rnap....neki is meglepi partija volt.\u00a0 Mennyi erre az es\u00e9ly, hogy a k\u00f6rnyezetedben 2 ember b\u00e9reljen vas\u00fati kocsit a Gyermekvas\u00fatn\u00e1l, 1 nap k\u00fcl\u00f6nbs\u00e9ggel?!<\/p>\r\n<p>&nbsp;<\/p>\r\n<p>Sok boldogs\u00e1gban hullatott k\u00f6nnyet k\u00edv\u00e1nva, \u00f6lel\u00e9s, Gabi.<\/p>\r\n<p><a href=\"https:\/\/tagart.cafeblog.hu\/files\/2015\/04\/5.jpg\"><img class=\"alignnone size-medium wp-image-411\" src=\"https:\/\/tagart.cafeblog.hu\/files\/2015\/04\/5-300x225.jpg\" alt=\"5\" width=\"300\" height=\"225\" \/><\/a><\/p>\r\n<p><a href=\"https:\/\/tagart.cafeblog.hu\/files\/2015\/04\/71.jpg\"><img class=\"alignnone size-medium wp-image-409\" src=\"https:\/\/tagart.cafeblog.hu\/files\/2015\/04\/71-188x300.jpg\" alt=\"7\" width=\"188\" height=\"300\" \/><\/a>\u00a0\u00a0\u00a0\u00a0\u00a0\u00a0\u00a0\u00a0\u00a0\u00a0\u00a0\u00a0\u00a0\u00a0<\/p>\r\n<p><a href=\"https:\/\/tagart.cafeblog.hu\/files\/2015\/04\/1.jpg\"><img class=\"alignnone size-medium wp-image-412\" src=\"https:\/\/tagart.cafeblog.hu\/files\/2015\/04\/1-300x266.jpg\" alt=\"1\" width=\"300\" height=\"266\" \/><\/a><\/p>\r\n<p><a href=\"https:\/\/tagart.cafeblog.hu\/files\/2015\/04\/21.jpg\"><img class=\"alignnone size-medium wp-image-410\" src=\"https:\/\/tagart.cafeblog.hu\/files\/2015\/04\/21-225x300.jpg\" alt=\"2\" width=\"225\" height=\"300\" \/><\/a>\u00a0\u00a0\u00a0\u00a0\u00a0\u00a0\u00a0\u00a0\u00a0\u00a0\u00a0\u00a0\u00a0\u00a0\u00a0\u00a0\u00a0\u00a0\u00a0\u00a0\u00a0\u00a0\u00a0<\/p>\r\n<p>&nbsp;<\/p>\r\n<p>&nbsp;<\/p>\r\n<p>&nbsp;<\/p>\r\n<p>&nbsp;<\/p>\r\n<p>&nbsp;<\/p>","type":"rich"}